{"id":8318,"date":"2023-01-26T09:39:59","date_gmt":"2023-01-26T08:39:59","guid":{"rendered":"https:\/\/ccediaf.org\/?page_id=8318"},"modified":"2023-08-11T17:47:50","modified_gmt":"2023-08-11T15:47:50","slug":"actualites","status":"publish","type":"page","link":"https:\/\/ccediaf.org\/?page_id=8318","title":{"rendered":"Actualit\u00e9s"},"content":{"rendered":"\t\t<div data-elementor-type=\"wp-page\" data-elementor-id=\"8318\" class=\"elementor elementor-8318\">\n\t\t\t\t\t\t<section class=\"elementor-section elementor-top-section elementor-element elementor-element-72e6c4a4 tm-bgcolor-grey elementor-section-stretched tm-column-break-ipad-no tm-col-stretched-none elementor-section-boxed elementor-section-height-default elementor-section-height-default\" data-id=\"72e6c4a4\" data-element_type=\"section\" data-settings=\"{&quot;stretch_section&quot;:&quot;section-stretched&quot;}\">\n\t\t\t\t\t\t<div class=\"elementor-container elementor-column-gap-default\">\n\t\t\t\t\t<div class=\"elementor-column elementor-col-100 elementor-top-column elementor-element elementor-element-1ae37d31\" data-id=\"1ae37d31\" data-element_type=\"column\">\n\t\t\t<div class=\"elementor-widget-wrap elementor-element-populated\">\n\t\t\t\t\t\t<div class=\"elementor-element elementor-element-2a5f48fa tm-align-center elementor-widget elementor-widget-tm_heading\" data-id=\"2a5f48fa\" data-element_type=\"widget\" data-widget_type=\"tm_heading.default\">\n\t\t\t\t<div class=\"elementor-widget-container\">\n\t\t\t<div class=\"tm-element-heading-content-wrapper center-align tm-reverse-heading-yes tm-seperator-solid  tm-heading-style-vertical \"><div class=\"tm-content-header\"><h2 class=\"tm-element-content-heading tm-custom-heading \">\n\t\t\t\t <cite><span style=\"color: #0D0E3A\">Consultez nos derni\u00e8res nouvelles<\/span> <\/cite>\n\t\t\t<\/h2>\n\t\t<div class=\"heading-seperator\"><span><\/span><\/div><\/div><\/div>\t\t<\/div>\n\t\t\t\t<\/div>\n\t\t\t\t\t<\/div>\n\t\t<\/div>\n\t\t\t\t\t<\/div>\n\t\t<\/section>\n\t\t\t\t<section class=\"elementor-section elementor-top-section elementor-element elementor-element-569ec467 tm-column-break-ipad-yes elementor-section-stretched tm-col-stretched-none elementor-section-boxed elementor-section-height-default elementor-section-height-default\" data-id=\"569ec467\" data-element_type=\"section\" data-settings=\"{&quot;stretch_section&quot;:&quot;section-stretched&quot;}\">\n\t\t\t\t\t\t<div class=\"elementor-container elementor-column-gap-default\">\n\t\t\t\t\t<div class=\"elementor-column elementor-col-100 elementor-top-column elementor-element elementor-element-6e248f27\" data-id=\"6e248f27\" data-element_type=\"column\">\n\t\t\t<div class=\"elementor-widget-wrap elementor-element-populated\">\n\t\t\t\t\t\t<div class=\"elementor-element elementor-element-42388be2 tm-align-left elementor-widget elementor-widget-tm_blog_element\" data-id=\"42388be2\" data-element_type=\"widget\" data-widget_type=\"tm_blog_element.default\">\n\t\t\t\t<div class=\"elementor-widget-container\">\n\t\t\t<div class=\"themetechmount-boxes themetechmount-boxes-blog themetechmount-element-blogbox-blog-style-two themetechmount-boxes-view-carousel themetechmount-boxes-col-four tm-boxes-carousel-arrow- tm-boxes-carousel-arrows-0 themetechmount-boxes-textalign-left themetechmount-boxes-spacing-30px\" data-tm-show=\"12\" data-tm-loop=\"1\" data-tm-autoplay=\"1\" data-tm-centermode=\"0\" data-tm-nav=\"\" data-tm-dots=\"\" data-tm-slidestoscroll=\"1\" data-tm-autoplayspeed=\"4500\" data-tm-margin=\"30px\"><div class=\"themetechmount-boxes-inner\">\n\t\t\t<div class=\"themetechmount-box-heading-wrapper tm-boxwithout-heading\">\n\t\t\t\t<div class=\"tm-element-heading-content-wrapper left-align tm-reverse-heading-yes tm-seperator-none  tm-heading-style-vertical \"><div class=\"tm-content-header\"><div class=\"heading-seperator\"><span><\/span><\/div><\/div><\/div>\t\t\t\t\t\t\t<\/div>\n\n\t\t\t<div class=\"themetechmount-boxes-row-wrapper row multi-columns-row\">\n\n\t\t\t<div class=\"tm-box-col-wrapper  ccdedif col-lg-3 col-sm-6 col-md-3 col-xs-12\"><article class=\"themetechmount-box themetechmount-box-blog themetechmount-blogbox-style-two themetechmount-blogbox-format- tm-no-featured-content\">\n\t<div class=\"post-item\">\n\t\t<div class=\"themetechmount-box-content\">\t\t\n\t\t\t<div class=\"tm-featured-outer-wrapper tm-post-featured-outer-wrapper\">\n\t\t\t\t\t\t\t\t<div class=\"tm-box-post-date\">\n\t\t\t\t\t<span>09<\/span>\n\t\t\t\t\tF\u00e9v\t\t\t\t<\/div>\t\n\t\t\t\t<div class=\"tm-blog-overlay-iconbox\">\n\t\t\t\t\t<a href=\"https:\/\/ccediaf.org\/?p=9331\" rel=\"bookmark\"><i class=\"tm-anomica-icon-plus-1\"><\/i><\/a>\n\t\t\t\t<\/div>\n\t\t\t<\/div>\t\t\n\t\t\t<div class=\"themetechmount-box-desc\">\n\t\t\t\t<div class=\"entry-header\">\n\t\t\t\t\t<div class=\"themetechmount-box-title\"><h4><a href=\"https:\/\/ccediaf.org\/?p=9331\">CCEDIF &#038; Directeur des ivoiriens de l\u2019Exterieur<\/a><\/h4><\/div>\t\t\t\t\t<div class=\"tm-entry-meta-wrapper\"><div class=\"entry-meta tm-entry-meta tm-entry-meta-blogbox\"><span class=\"tm-meta-line byline\"><i class=\"fa fa-user\"><\/i> <span class=\"author vcard\"><span class=\"screen-reader-text tm-hide\">Author <\/span><a class=\"url fn n\" href=\"https:\/\/ccediaf.org\/?author=89\">CCEDIAF Paris<\/a><\/span><\/span><\/div><\/div>\t\t\t\t<\/div>\t\t\n\t\t\t\t<div class=\"themetechmount-box-desc-text\">Dimitri M\u2019FOUMOU-TITI pr\u00e9sident ADRNS avec Mr Issiaka Konate le directeur des ivoiriens de l\u2019\u00e9...<\/div>\n\t\t\t    <div class=\"themetechmount-box-desc-footer\">\n\t\t\t\t\t<div class=\"themetechmount-blogbox-desc-footer\">\n\t\t\t\t\t\t\t\t\t\t\t<\/div>\n\t\t\t\t<\/div>\t\t\n\t\t\t<\/div>\n        <\/div>\n\t<\/div>\n<\/article>\n<\/div><div class=\"tm-box-col-wrapper  ccdedif col-lg-3 col-sm-6 col-md-3 col-xs-12\"><article class=\"themetechmount-box themetechmount-box-blog themetechmount-blogbox-style-two themetechmount-blogbox-format- \">\n\t<div class=\"post-item\">\n\t\t<div class=\"themetechmount-box-content\">\t\t\n\t\t\t<div class=\"tm-featured-outer-wrapper tm-post-featured-outer-wrapper\">\n\t\t\t\t<div class=\"tm-featured-wrapper tm-post-featured-wrapper tm-post-format-\"><a href=\"https:\/\/ccediaf.org\/?p=9367\"><img fetchpriority=\"high\" decoding=\"async\" width=\"654\" height=\"446\" src=\"https:\/\/ccediaf.org\/wp-content\/uploads\/2023\/02\/ccedif_13102018_Complet-1-654x446.png\" class=\"attachment-themetechmount-img-blog-top size-themetechmount-img-blog-top wp-post-image\" alt=\"\" data-id=\"9368\" \/><\/a><\/div>\t\t\t\t<div class=\"tm-box-post-date\">\n\t\t\t\t\t<span>30<\/span>\n\t\t\t\t\tOct\t\t\t\t<\/div>\t\n\t\t\t\t<div class=\"tm-blog-overlay-iconbox\">\n\t\t\t\t\t<a href=\"https:\/\/ccediaf.org\/?p=9367\" rel=\"bookmark\"><i class=\"tm-anomica-icon-plus-1\"><\/i><\/a>\n\t\t\t\t<\/div>\n\t\t\t<\/div>\t\t\n\t\t\t<div class=\"themetechmount-box-desc\">\n\t\t\t\t<div class=\"entry-header\">\n\t\t\t\t\t<div class=\"themetechmount-box-title\"><h4><a href=\"https:\/\/ccediaf.org\/?p=9367\">Comment R\u00e9ussir son activit\u00e9 face aux obstacles ?<\/a><\/h4><\/div>\t\t\t\t\t<div class=\"tm-entry-meta-wrapper\"><div class=\"entry-meta tm-entry-meta tm-entry-meta-blogbox\"><span class=\"tm-meta-line byline\"><i class=\"fa fa-user\"><\/i> <span class=\"author vcard\"><span class=\"screen-reader-text tm-hide\">Author <\/span><a class=\"url fn n\" href=\"https:\/\/ccediaf.org\/?author=89\">CCEDIAF Paris<\/a><\/span><\/span><\/div><\/div>\t\t\t\t<\/div>\t\t\n\t\t\t\t<div class=\"themetechmount-box-desc-text\">...<\/div>\n\t\t\t    <div class=\"themetechmount-box-desc-footer\">\n\t\t\t\t\t<div class=\"themetechmount-blogbox-desc-footer\">\n\t\t\t\t\t\t\t\t\t\t\t<\/div>\n\t\t\t\t<\/div>\t\t\n\t\t\t<\/div>\n        <\/div>\n\t<\/div>\n<\/article>\n<\/div><div class=\"tm-box-col-wrapper  partenaires rtvail col-lg-3 col-sm-6 col-md-3 col-xs-12\"><article class=\"themetechmount-box themetechmount-box-blog themetechmount-blogbox-style-two themetechmount-blogbox-format- \">\n\t<div class=\"post-item\">\n\t\t<div class=\"themetechmount-box-content\">\t\t\n\t\t\t<div class=\"tm-featured-outer-wrapper tm-post-featured-outer-wrapper\">\n\t\t\t\t<div class=\"tm-featured-wrapper tm-post-featured-wrapper tm-post-format-\"><a href=\"https:\/\/ccediaf.org\/?p=9361\"><img decoding=\"async\" width=\"654\" height=\"490\" src=\"https:\/\/ccediaf.org\/wp-content\/uploads\/2023\/02\/IMG-20180821-WA0004-1024x768-1-654x490.png\" class=\"attachment-themetechmount-img-blog-top size-themetechmount-img-blog-top wp-post-image\" alt=\"\" srcset=\"https:\/\/ccediaf.org\/wp-content\/uploads\/2023\/02\/IMG-20180821-WA0004-1024x768-1-654x490.png 654w, https:\/\/ccediaf.org\/wp-content\/uploads\/2023\/02\/IMG-20180821-WA0004-1024x768-1-300x225.png 300w, https:\/\/ccediaf.org\/wp-content\/uploads\/2023\/02\/IMG-20180821-WA0004-1024x768-1-768x576.png 768w, https:\/\/ccediaf.org\/wp-content\/uploads\/2023\/02\/IMG-20180821-WA0004-1024x768-1.png 1024w\" sizes=\"(max-width: 654px) 100vw, 654px\" data-id=\"9365\" \/><\/a><\/div>\t\t\t\t<div class=\"tm-box-post-date\">\n\t\t\t\t\t<span>26<\/span>\n\t\t\t\t\tAo\u00fbt\t\t\t\t<\/div>\t\n\t\t\t\t<div class=\"tm-blog-overlay-iconbox\">\n\t\t\t\t\t<a href=\"https:\/\/ccediaf.org\/?p=9361\" rel=\"bookmark\"><i class=\"tm-anomica-icon-plus-1\"><\/i><\/a>\n\t\t\t\t<\/div>\n\t\t\t<\/div>\t\t\n\t\t\t<div class=\"themetechmount-box-desc\">\n\t\t\t\t<div class=\"entry-header\">\n\t\t\t\t\t<div class=\"themetechmount-box-title\"><h4><a href=\"https:\/\/ccediaf.org\/?p=9361\">Le Pr\u00e9sident du CCEDIF chez l\u2019Ambassadeur de France \u00e0 Abidjan<\/a><\/h4><\/div>\t\t\t\t\t<div class=\"tm-entry-meta-wrapper\"><div class=\"entry-meta tm-entry-meta tm-entry-meta-blogbox\"><span class=\"tm-meta-line byline\"><i class=\"fa fa-user\"><\/i> <span class=\"author vcard\"><span class=\"screen-reader-text tm-hide\">Author <\/span><a class=\"url fn n\" href=\"https:\/\/ccediaf.org\/?author=89\">CCEDIAF Paris<\/a><\/span><\/span><\/div><\/div>\t\t\t\t<\/div>\t\t\n\t\t\t\t<div class=\"themetechmount-box-desc-text\">...<\/div>\n\t\t\t    <div class=\"themetechmount-box-desc-footer\">\n\t\t\t\t\t<div class=\"themetechmount-blogbox-desc-footer\">\n\t\t\t\t\t\t\t\t\t\t\t<\/div>\n\t\t\t\t<\/div>\t\t\n\t\t\t<\/div>\n        <\/div>\n\t<\/div>\n<\/article>\n<\/div><div class=\"tm-box-col-wrapper  partenaires rencontre-institutionelles col-lg-3 col-sm-6 col-md-3 col-xs-12\"><article class=\"themetechmount-box themetechmount-box-blog themetechmount-blogbox-style-two themetechmount-blogbox-format- tm-no-featured-content\">\n\t<div class=\"post-item\">\n\t\t<div class=\"themetechmount-box-content\">\t\t\n\t\t\t<div class=\"tm-featured-outer-wrapper tm-post-featured-outer-wrapper\">\n\t\t\t\t\t\t\t\t<div class=\"tm-box-post-date\">\n\t\t\t\t\t<span>19<\/span>\n\t\t\t\t\tJuil\t\t\t\t<\/div>\t\n\t\t\t\t<div class=\"tm-blog-overlay-iconbox\">\n\t\t\t\t\t<a href=\"https:\/\/ccediaf.org\/?p=9342\" rel=\"bookmark\"><i class=\"tm-anomica-icon-plus-1\"><\/i><\/a>\n\t\t\t\t<\/div>\n\t\t\t<\/div>\t\t\n\t\t\t<div class=\"themetechmount-box-desc\">\n\t\t\t\t<div class=\"entry-header\">\n\t\t\t\t\t<div class=\"themetechmount-box-title\"><h4><a href=\"https:\/\/ccediaf.org\/?p=9342\">CCEDI France est \u00e0 l\u2019Ambassade de France en C\u00f4te d\u2019Ivoire.<\/a><\/h4><\/div>\t\t\t\t\t<div class=\"tm-entry-meta-wrapper\"><div class=\"entry-meta tm-entry-meta tm-entry-meta-blogbox\"><span class=\"tm-meta-line byline\"><i class=\"fa fa-user\"><\/i> <span class=\"author vcard\"><span class=\"screen-reader-text tm-hide\">Author <\/span><a class=\"url fn n\" href=\"https:\/\/ccediaf.org\/?author=89\">CCEDIAF Paris<\/a><\/span><\/span><\/div><\/div>\t\t\t\t<\/div>\t\t\n\t\t\t\t<div class=\"themetechmount-box-desc-text\">La F\u00eate Nationale Fran\u00e7aise en C\u00f4te D\u2019Ivoire!!! Les H\u00f4tesses Habill\u00e9s avec les couleur...<\/div>\n\t\t\t    <div class=\"themetechmount-box-desc-footer\">\n\t\t\t\t\t<div class=\"themetechmount-blogbox-desc-footer\">\n\t\t\t\t\t\t\t\t\t\t\t<\/div>\n\t\t\t\t<\/div>\t\t\n\t\t\t<\/div>\n        <\/div>\n\t<\/div>\n<\/article>\n<\/div><div class=\"tm-box-col-wrapper  rencontre-institutionelles col-lg-3 col-sm-6 col-md-3 col-xs-12\"><article class=\"themetechmount-box themetechmount-box-blog themetechmount-blogbox-style-two themetechmount-blogbox-format- \">\n\t<div class=\"post-item\">\n\t\t<div class=\"themetechmount-box-content\">\t\t\n\t\t\t<div class=\"tm-featured-outer-wrapper tm-post-featured-outer-wrapper\">\n\t\t\t\t<div class=\"tm-featured-wrapper tm-post-featured-wrapper tm-post-format-\"><a href=\"https:\/\/ccediaf.org\/?p=9323\"><img decoding=\"async\" width=\"654\" height=\"490\" src=\"https:\/\/ccediaf.org\/wp-content\/uploads\/2023\/02\/cesar_dimitri-700x685-1-654x490.png\" class=\"attachment-themetechmount-img-blog-top size-themetechmount-img-blog-top wp-post-image\" alt=\"\" data-id=\"9325\" \/><\/a><\/div>\t\t\t\t<div class=\"tm-box-post-date\">\n\t\t\t\t\t<span>24<\/span>\n\t\t\t\t\tAvr\t\t\t\t<\/div>\t\n\t\t\t\t<div class=\"tm-blog-overlay-iconbox\">\n\t\t\t\t\t<a href=\"https:\/\/ccediaf.org\/?p=9323\" rel=\"bookmark\"><i class=\"tm-anomica-icon-plus-1\"><\/i><\/a>\n\t\t\t\t<\/div>\n\t\t\t<\/div>\t\t\n\t\t\t<div class=\"themetechmount-box-desc\">\n\t\t\t\t<div class=\"entry-header\">\n\t\t\t\t\t<div class=\"themetechmount-box-title\"><h4><a href=\"https:\/\/ccediaf.org\/?p=9323\">D\u00e9veloppement \u00e9conomique de la C\u00f4te d\u2019Ivoire<\/a><\/h4><\/div>\t\t\t\t\t<div class=\"tm-entry-meta-wrapper\"><div class=\"entry-meta tm-entry-meta tm-entry-meta-blogbox\"><span class=\"tm-meta-line byline\"><i class=\"fa fa-user\"><\/i> <span class=\"author vcard\"><span class=\"screen-reader-text tm-hide\">Author <\/span><a class=\"url fn n\" href=\"https:\/\/ccediaf.org\/?author=89\">CCEDIAF Paris<\/a><\/span><\/span><\/div><\/div>\t\t\t\t<\/div>\t\t\n\t\t\t\t<div class=\"themetechmount-box-desc-text\">R\u00e9unis avec l\u2019Association ADRNS pour pr\u00e9senter la contribution de la diaspora ivoirienne pour pr...<\/div>\n\t\t\t    <div class=\"themetechmount-box-desc-footer\">\n\t\t\t\t\t<div class=\"themetechmount-blogbox-desc-footer\">\n\t\t\t\t\t\t\t\t\t\t\t<\/div>\n\t\t\t\t<\/div>\t\t\n\t\t\t<\/div>\n        <\/div>\n\t<\/div>\n<\/article>\n<\/div><div class=\"tm-box-col-wrapper  ccediaf-france col-lg-3 col-sm-6 col-md-3 col-xs-12\"><article class=\"themetechmount-box themetechmount-box-blog themetechmount-blogbox-style-two themetechmount-blogbox-format- \">\n\t<div class=\"post-item\">\n\t\t<div class=\"themetechmount-box-content\">\t\t\n\t\t\t<div class=\"tm-featured-outer-wrapper tm-post-featured-outer-wrapper\">\n\t\t\t\t<div class=\"tm-featured-wrapper tm-post-featured-wrapper tm-post-format-\"><a href=\"https:\/\/ccediaf.org\/?p=9301\"><img loading=\"lazy\" decoding=\"async\" width=\"654\" height=\"490\" src=\"https:\/\/ccediaf.org\/wp-content\/uploads\/2023\/02\/27973231_552900931758977_6327870020398174245_n-654x490.png\" class=\"attachment-themetechmount-img-blog-top size-themetechmount-img-blog-top wp-post-image\" alt=\"\" data-id=\"9306\" \/><\/a><\/div>\t\t\t\t<div class=\"tm-box-post-date\">\n\t\t\t\t\t<span>24<\/span>\n\t\t\t\t\tJan\t\t\t\t<\/div>\t\n\t\t\t\t<div class=\"tm-blog-overlay-iconbox\">\n\t\t\t\t\t<a href=\"https:\/\/ccediaf.org\/?p=9301\" rel=\"bookmark\"><i class=\"tm-anomica-icon-plus-1\"><\/i><\/a>\n\t\t\t\t<\/div>\n\t\t\t<\/div>\t\t\n\t\t\t<div class=\"themetechmount-box-desc\">\n\t\t\t\t<div class=\"entry-header\">\n\t\t\t\t\t<div class=\"themetechmount-box-title\"><h4><a href=\"https:\/\/ccediaf.org\/?p=9301\">R\u00e9union de travail du Bureau<\/a><\/h4><\/div>\t\t\t\t\t<div class=\"tm-entry-meta-wrapper\"><div class=\"entry-meta tm-entry-meta tm-entry-meta-blogbox\"><span class=\"tm-meta-line byline\"><i class=\"fa fa-user\"><\/i> <span class=\"author vcard\"><span class=\"screen-reader-text tm-hide\">Author <\/span><a class=\"url fn n\" href=\"https:\/\/ccediaf.org\/?author=89\">CCEDIAF Paris<\/a><\/span><\/span><\/div><\/div>\t\t\t\t<\/div>\t\t\n\t\t\t\t<div class=\"themetechmount-box-desc-text\">R\u00e9union de travail du burau...<\/div>\n\t\t\t    <div class=\"themetechmount-box-desc-footer\">\n\t\t\t\t\t<div class=\"themetechmount-blogbox-desc-footer\">\n\t\t\t\t\t\t\t\t\t\t\t<\/div>\n\t\t\t\t<\/div>\t\t\n\t\t\t<\/div>\n        <\/div>\n\t<\/div>\n<\/article>\n<\/div><div class=\"tm-box-col-wrapper  partenaires col-lg-3 col-sm-6 col-md-3 col-xs-12\"><article class=\"themetechmount-box themetechmount-box-blog themetechmount-blogbox-style-two themetechmount-blogbox-format- \">\n\t<div class=\"post-item\">\n\t\t<div class=\"themetechmount-box-content\">\t\t\n\t\t\t<div class=\"tm-featured-outer-wrapper tm-post-featured-outer-wrapper\">\n\t\t\t\t<div class=\"tm-featured-wrapper tm-post-featured-wrapper tm-post-format-\"><a href=\"https:\/\/ccediaf.org\/?p=9285\"><img loading=\"lazy\" decoding=\"async\" width=\"654\" height=\"490\" src=\"https:\/\/ccediaf.org\/wp-content\/uploads\/2023\/02\/14192593_1237940209559807_9067959732211593745_n-654x490.png\" class=\"attachment-themetechmount-img-blog-top size-themetechmount-img-blog-top wp-post-image\" alt=\"\" srcset=\"https:\/\/ccediaf.org\/wp-content\/uploads\/2023\/02\/14192593_1237940209559807_9067959732211593745_n-654x490.png 654w, https:\/\/ccediaf.org\/wp-content\/uploads\/2023\/02\/14192593_1237940209559807_9067959732211593745_n-300x224.png 300w\" sizes=\"(max-width: 654px) 100vw, 654px\" data-id=\"9299\" \/><\/a><\/div>\t\t\t\t<div class=\"tm-box-post-date\">\n\t\t\t\t\t<span>24<\/span>\n\t\t\t\t\tMar\t\t\t\t<\/div>\t\n\t\t\t\t<div class=\"tm-blog-overlay-iconbox\">\n\t\t\t\t\t<a href=\"https:\/\/ccediaf.org\/?p=9285\" rel=\"bookmark\"><i class=\"tm-anomica-icon-plus-1\"><\/i><\/a>\n\t\t\t\t<\/div>\n\t\t\t<\/div>\t\t\n\t\t\t<div class=\"themetechmount-box-desc\">\n\t\t\t\t<div class=\"entry-header\">\n\t\t\t\t\t<div class=\"themetechmount-box-title\"><h4><a href=\"https:\/\/ccediaf.org\/?p=9285\">Signature de partenariat avec CCEDIF<\/a><\/h4><\/div>\t\t\t\t\t<div class=\"tm-entry-meta-wrapper\"><div class=\"entry-meta tm-entry-meta tm-entry-meta-blogbox\"><span class=\"tm-meta-line byline\"><i class=\"fa fa-user\"><\/i> <span class=\"author vcard\"><span class=\"screen-reader-text tm-hide\">Author <\/span><a class=\"url fn n\" href=\"https:\/\/ccediaf.org\/?author=89\">CCEDIAF Paris<\/a><\/span><\/span><\/div><\/div>\t\t\t\t<\/div>\t\t\n\t\t\t\t<div class=\"themetechmount-box-desc-text\">Signature de partenariat avec CCEDIF...<\/div>\n\t\t\t    <div class=\"themetechmount-box-desc-footer\">\n\t\t\t\t\t<div class=\"themetechmount-blogbox-desc-footer\">\n\t\t\t\t\t\t\t\t\t\t\t<\/div>\n\t\t\t\t<\/div>\t\t\n\t\t\t<\/div>\n        <\/div>\n\t<\/div>\n<\/article>\n<\/div>\n\t\t\t<\/div>\n\n\t\t\t<\/div><!-- .themetechmount-boxes-inner -->   <\/div><!-- .themetechmount-boxes -->  \t\t<\/div>\n\t\t\t\t<\/div>\n\t\t\t\t\t<\/div>\n\t\t<\/div>\n\t\t\t\t\t<\/div>\n\t\t<\/section>\n\t\t\t\t<section class=\"elementor-section elementor-top-section elementor-element elementor-element-53961b7 tm-column-break-ipad-yes elementor-section-stretched tm-col-stretched-none elementor-section-boxed elementor-section-height-default elementor-section-height-default\" data-id=\"53961b7\" data-element_type=\"section\" data-settings=\"{&quot;stretch_section&quot;:&quot;section-stretched&quot;}\">\n\t\t\t\t\t\t<div class=\"elementor-container elementor-column-gap-default\">\n\t\t\t\t\t<div class=\"elementor-column elementor-col-100 elementor-top-column elementor-element elementor-element-9742b9e\" data-id=\"9742b9e\" data-element_type=\"column\">\n\t\t\t<div class=\"elementor-widget-wrap elementor-element-populated\">\n\t\t\t\t\t\t<div class=\"elementor-element elementor-element-fc527e7 tm-align-left elementor-widget elementor-widget-tm_blog_element\" data-id=\"fc527e7\" data-element_type=\"widget\" data-widget_type=\"tm_blog_element.default\">\n\t\t\t\t<div class=\"elementor-widget-container\">\n\t\t\t<div class=\"themetechmount-boxes themetechmount-boxes-blog themetechmount-element-blogbox-blog-style-two themetechmount-boxes-view-carousel themetechmount-boxes-col-four tm-boxes-carousel-arrow- tm-boxes-carousel-arrows-0 themetechmount-boxes-textalign-left themetechmount-boxes-spacing-30px\" data-tm-show=\"12\" data-tm-loop=\"1\" data-tm-autoplay=\"1\" data-tm-centermode=\"0\" data-tm-nav=\"\" data-tm-dots=\"\" data-tm-slidestoscroll=\"1\" data-tm-autoplayspeed=\"4500\" data-tm-margin=\"30px\"><div class=\"themetechmount-boxes-inner\">\n\t\t\t<div class=\"themetechmount-box-heading-wrapper tm-boxwithout-heading\">\n\t\t\t\t<div class=\"tm-element-heading-content-wrapper left-align tm-reverse-heading-yes tm-seperator-none  tm-heading-style-vertical \"><div class=\"tm-content-header\"><div class=\"heading-seperator\"><span><\/span><\/div><\/div><\/div>\t\t\t\t\t\t\t<\/div>\n\n\t\t\t<div class=\"themetechmount-boxes-row-wrapper row multi-columns-row\">\n\n\t\t\t<div class=\"tm-box-col-wrapper  rencontres-dentrepreneurs col-lg-3 col-sm-6 col-md-3 col-xs-12\"><article class=\"themetechmount-box themetechmount-box-blog themetechmount-blogbox-style-two themetechmount-blogbox-format- \">\n\t<div class=\"post-item\">\n\t\t<div class=\"themetechmount-box-content\">\t\t\n\t\t\t<div class=\"tm-featured-outer-wrapper tm-post-featured-outer-wrapper\">\n\t\t\t\t<div class=\"tm-featured-wrapper tm-post-featured-wrapper tm-post-format-\"><a href=\"https:\/\/ccediaf.org\/?p=10384\"><img loading=\"lazy\" decoding=\"async\" width=\"654\" height=\"490\" src=\"https:\/\/ccediaf.org\/wp-content\/uploads\/2024\/04\/6-min-654x490.png\" class=\"attachment-themetechmount-img-blog-top size-themetechmount-img-blog-top wp-post-image\" alt=\"\" srcset=\"https:\/\/ccediaf.org\/wp-content\/uploads\/2024\/04\/6-min-654x490.png 654w, https:\/\/ccediaf.org\/wp-content\/uploads\/2024\/04\/6-min-300x225.png 300w, https:\/\/ccediaf.org\/wp-content\/uploads\/2024\/04\/6-min-1024x768.png 1024w, https:\/\/ccediaf.org\/wp-content\/uploads\/2024\/04\/6-min-768x576.png 768w, https:\/\/ccediaf.org\/wp-content\/uploads\/2024\/04\/6-min.png 1280w\" sizes=\"(max-width: 654px) 100vw, 654px\" data-id=\"10390\" \/><\/a><\/div>\t\t\t\t<div class=\"tm-box-post-date\">\n\t\t\t\t\t<span>22<\/span>\n\t\t\t\t\tAvr\t\t\t\t<\/div>\t\n\t\t\t\t<div class=\"tm-blog-overlay-iconbox\">\n\t\t\t\t\t<a href=\"https:\/\/ccediaf.org\/?p=10384\" rel=\"bookmark\"><i class=\"tm-anomica-icon-plus-1\"><\/i><\/a>\n\t\t\t\t<\/div>\n\t\t\t<\/div>\t\t\n\t\t\t<div class=\"themetechmount-box-desc\">\n\t\t\t\t<div class=\"entry-header\">\n\t\t\t\t\t<div class=\"themetechmount-box-title\"><h4><a href=\"https:\/\/ccediaf.org\/?p=10384\">REJOIGNEZ NOUS ET FAITES PRENDRE DE L\u2019ALTITUDE \u00c0 VOTRE BUSINESS.<\/a><\/h4><\/div>\t\t\t\t\t<div class=\"tm-entry-meta-wrapper\"><div class=\"entry-meta tm-entry-meta tm-entry-meta-blogbox\"><span class=\"tm-meta-line byline\"><i class=\"fa fa-user\"><\/i> <span class=\"author vcard\"><span class=\"screen-reader-text tm-hide\">Author <\/span><a class=\"url fn n\" href=\"https:\/\/ccediaf.org\/?author=86\">moro<\/a><\/span><\/span><\/div><\/div>\t\t\t\t<\/div>\t\t\n\t\t\t\t<div class=\"themetechmount-box-desc-text\">La Masterclass mensuelle du CCEDIAF Le vendredi 19 avril 2024, de 17h \u00e0 21h, le Club des Chefs d'E...<\/div>\n\t\t\t    <div class=\"themetechmount-box-desc-footer\">\n\t\t\t\t\t<div class=\"themetechmount-blogbox-desc-footer\">\n\t\t\t\t\t\t\t\t\t\t\t<\/div>\n\t\t\t\t<\/div>\t\t\n\t\t\t<\/div>\n        <\/div>\n\t<\/div>\n<\/article>\n<\/div><div class=\"tm-box-col-wrapper  rencontres-dentrepreneurs col-lg-3 col-sm-6 col-md-3 col-xs-12\"><article class=\"themetechmount-box themetechmount-box-blog themetechmount-blogbox-style-two themetechmount-blogbox-format- \">\n\t<div class=\"post-item\">\n\t\t<div class=\"themetechmount-box-content\">\t\t\n\t\t\t<div class=\"tm-featured-outer-wrapper tm-post-featured-outer-wrapper\">\n\t\t\t\t<div class=\"tm-featured-wrapper tm-post-featured-wrapper tm-post-format-\"><a href=\"https:\/\/ccediaf.org\/?p=9101\"><img loading=\"lazy\" decoding=\"async\" width=\"368\" height=\"490\" src=\"https:\/\/ccediaf.org\/wp-content\/uploads\/2022\/09\/IMG-20220924-WA0000.jpg\" class=\"attachment-themetechmount-img-blog-top size-themetechmount-img-blog-top wp-post-image\" alt=\"\" srcset=\"https:\/\/ccediaf.org\/wp-content\/uploads\/2022\/09\/IMG-20220924-WA0000.jpg 960w, https:\/\/ccediaf.org\/wp-content\/uploads\/2022\/09\/IMG-20220924-WA0000-225x300.jpg 225w, https:\/\/ccediaf.org\/wp-content\/uploads\/2022\/09\/IMG-20220924-WA0000-768x1024.jpg 768w, https:\/\/ccediaf.org\/wp-content\/uploads\/2022\/09\/IMG-20220924-WA0000-900x1200.jpg 900w\" sizes=\"(max-width: 368px) 100vw, 368px\" data-id=\"7737\" \/><\/a><\/div>\t\t\t\t<div class=\"tm-box-post-date\">\n\t\t\t\t\t<span>27<\/span>\n\t\t\t\t\tSep\t\t\t\t<\/div>\t\n\t\t\t\t<div class=\"tm-blog-overlay-iconbox\">\n\t\t\t\t\t<a href=\"https:\/\/ccediaf.org\/?p=9101\" rel=\"bookmark\"><i class=\"tm-anomica-icon-plus-1\"><\/i><\/a>\n\t\t\t\t<\/div>\n\t\t\t<\/div>\t\t\n\t\t\t<div class=\"themetechmount-box-desc\">\n\t\t\t\t<div class=\"entry-header\">\n\t\t\t\t\t<div class=\"themetechmount-box-title\"><h4><a href=\"https:\/\/ccediaf.org\/?p=9101\">Ce samedi 24 septembre 2022 s\u2019est tenue la premi\u00e8re rencontre des membres du CCEDIAF<\/a><\/h4><\/div>\t\t\t\t\t<div class=\"tm-entry-meta-wrapper\"><div class=\"entry-meta tm-entry-meta tm-entry-meta-blogbox\"><span class=\"tm-meta-line byline\"><i class=\"fa fa-user\"><\/i> <span class=\"author vcard\"><span class=\"screen-reader-text tm-hide\">Author <\/span><a class=\"url fn n\" href=\"https:\/\/ccediaf.org\/?author=89\">CCEDIAF Paris<\/a><\/span><\/span><\/div><\/div>\t\t\t\t<\/div>\t\t\n\t\t\t\t<div class=\"themetechmount-box-desc-text\">Ce samedi 24 septembre 2022 s\u2019est tenue la premi\u00e8re rencontre des membres du CCEDIAF (Club des ch...<\/div>\n\t\t\t    <div class=\"themetechmount-box-desc-footer\">\n\t\t\t\t\t<div class=\"themetechmount-blogbox-desc-footer\">\n\t\t\t\t\t\t\t\t\t\t\t<\/div>\n\t\t\t\t<\/div>\t\t\n\t\t\t<\/div>\n        <\/div>\n\t<\/div>\n<\/article>\n<\/div><div class=\"tm-box-col-wrapper  sem voyages-daffaires col-lg-3 col-sm-6 col-md-3 col-xs-12\"><article class=\"themetechmount-box themetechmount-box-blog themetechmount-blogbox-style-two themetechmount-blogbox-format- \">\n\t<div class=\"post-item\">\n\t\t<div class=\"themetechmount-box-content\">\t\t\n\t\t\t<div class=\"tm-featured-outer-wrapper tm-post-featured-outer-wrapper\">\n\t\t\t\t<div class=\"tm-featured-wrapper tm-post-featured-wrapper tm-post-format-\"><a href=\"https:\/\/ccediaf.org\/?p=9112\"><img loading=\"lazy\" decoding=\"async\" width=\"654\" height=\"490\" src=\"https:\/\/ccediaf.org\/wp-content\/uploads\/2023\/02\/PAGE_GARDE-724x1024-1-654x490.png\" class=\"attachment-themetechmount-img-blog-top size-themetechmount-img-blog-top wp-post-image\" alt=\"\" data-id=\"9114\" \/><\/a><\/div>\t\t\t\t<div class=\"tm-box-post-date\">\n\t\t\t\t\t<span>31<\/span>\n\t\t\t\t\tMai\t\t\t\t<\/div>\t\n\t\t\t\t<div class=\"tm-blog-overlay-iconbox\">\n\t\t\t\t\t<a href=\"https:\/\/ccediaf.org\/?p=9112\" rel=\"bookmark\"><i class=\"tm-anomica-icon-plus-1\"><\/i><\/a>\n\t\t\t\t<\/div>\n\t\t\t<\/div>\t\t\n\t\t\t<div class=\"themetechmount-box-desc\">\n\t\t\t\t<div class=\"entry-header\">\n\t\t\t\t\t<div class=\"themetechmount-box-title\"><h4><a href=\"https:\/\/ccediaf.org\/?p=9112\">CCEDIF accompagne une d\u00e9l\u00e9gation d\u2019entrepreneurs de la Diaspora \u00e0 Abidjan pour Africallia !<\/a><\/h4><\/div>\t\t\t\t\t<div class=\"tm-entry-meta-wrapper\"><div class=\"entry-meta tm-entry-meta tm-entry-meta-blogbox\"><span class=\"tm-meta-line byline\"><i class=\"fa fa-user\"><\/i> <span class=\"author vcard\"><span class=\"screen-reader-text tm-hide\">Author <\/span><a class=\"url fn n\" href=\"https:\/\/ccediaf.org\/?author=89\">CCEDIAF Paris<\/a><\/span><\/span><\/div><\/div>\t\t\t\t<\/div>\t\t\n\t\t\t\t<div class=\"themetechmount-box-desc-text\">Le CCEDIF accompagne une d\u00e9l\u00e9gation d\u2019entrepreneurs de la Diaspora \u00e0 Abidjan pour Africallia !...<\/div>\n\t\t\t    <div class=\"themetechmount-box-desc-footer\">\n\t\t\t\t\t<div class=\"themetechmount-blogbox-desc-footer\">\n\t\t\t\t\t\t\t\t\t\t\t<\/div>\n\t\t\t\t<\/div>\t\t\n\t\t\t<\/div>\n        <\/div>\n\t<\/div>\n<\/article>\n<\/div><div class=\"tm-box-col-wrapper  voyage-d-affaires col-lg-3 col-sm-6 col-md-3 col-xs-12\"><article class=\"themetechmount-box themetechmount-box-blog themetechmount-blogbox-style-two themetechmount-blogbox-format- \">\n\t<div class=\"post-item\">\n\t\t<div class=\"themetechmount-box-content\">\t\t\n\t\t\t<div class=\"tm-featured-outer-wrapper tm-post-featured-outer-wrapper\">\n\t\t\t\t<div class=\"tm-featured-wrapper tm-post-featured-wrapper tm-post-format-\"><a href=\"https:\/\/ccediaf.org\/?p=9371\"><img loading=\"lazy\" decoding=\"async\" width=\"654\" height=\"490\" src=\"https:\/\/ccediaf.org\/wp-content\/uploads\/2023\/02\/0-3-768x576-1-654x490.png\" class=\"attachment-themetechmount-img-blog-top size-themetechmount-img-blog-top wp-post-image\" alt=\"\" srcset=\"https:\/\/ccediaf.org\/wp-content\/uploads\/2023\/02\/0-3-768x576-1-654x490.png 654w, https:\/\/ccediaf.org\/wp-content\/uploads\/2023\/02\/0-3-768x576-1-300x225.png 300w, https:\/\/ccediaf.org\/wp-content\/uploads\/2023\/02\/0-3-768x576-1.png 768w\" sizes=\"(max-width: 654px) 100vw, 654px\" data-id=\"9372\" \/><\/a><\/div>\t\t\t\t<div class=\"tm-box-post-date\">\n\t\t\t\t\t<span>30<\/span>\n\t\t\t\t\tMar\t\t\t\t<\/div>\t\n\t\t\t\t<div class=\"tm-blog-overlay-iconbox\">\n\t\t\t\t\t<a href=\"https:\/\/ccediaf.org\/?p=9371\" rel=\"bookmark\"><i class=\"tm-anomica-icon-plus-1\"><\/i><\/a>\n\t\t\t\t<\/div>\n\t\t\t<\/div>\t\t\n\t\t\t<div class=\"themetechmount-box-desc\">\n\t\t\t\t<div class=\"entry-header\">\n\t\t\t\t\t<div class=\"themetechmount-box-title\"><h4><a href=\"https:\/\/ccediaf.org\/?p=9371\">1ere R\u00e9union Voyage d\u2019affaires en R\u00e9publique de C\u00f4te d\u2019Ivoire du 12 au 14 juin 2019<\/a><\/h4><\/div>\t\t\t\t\t<div class=\"tm-entry-meta-wrapper\"><div class=\"entry-meta tm-entry-meta tm-entry-meta-blogbox\"><span class=\"tm-meta-line byline\"><i class=\"fa fa-user\"><\/i> <span class=\"author vcard\"><span class=\"screen-reader-text tm-hide\">Author <\/span><a class=\"url fn n\" href=\"https:\/\/ccediaf.org\/?author=89\">CCEDIAF Paris<\/a><\/span><\/span><\/div><\/div>\t\t\t\t<\/div>\t\t\n\t\t\t\t<div class=\"themetechmount-box-desc-text\">CCEDI a organis\u00e9 une r\u00e9union pour pr\u00e9parer le voyage d\u2019Affaires \u00e0 Abidjan....<\/div>\n\t\t\t    <div class=\"themetechmount-box-desc-footer\">\n\t\t\t\t\t<div class=\"themetechmount-blogbox-desc-footer\">\n\t\t\t\t\t\t\t\t\t\t\t<\/div>\n\t\t\t\t<\/div>\t\t\n\t\t\t<\/div>\n        <\/div>\n\t<\/div>\n<\/article>\n<\/div><div class=\"tm-box-col-wrapper  partenaires rtvail col-lg-3 col-sm-6 col-md-3 col-xs-12\"><article class=\"themetechmount-box themetechmount-box-blog themetechmount-blogbox-style-two themetechmount-blogbox-format- \">\n\t<div class=\"post-item\">\n\t\t<div class=\"themetechmount-box-content\">\t\t\n\t\t\t<div class=\"tm-featured-outer-wrapper tm-post-featured-outer-wrapper\">\n\t\t\t\t<div class=\"tm-featured-wrapper tm-post-featured-wrapper tm-post-format-\"><a href=\"https:\/\/ccediaf.org\/?p=9361\"><img decoding=\"async\" width=\"654\" height=\"490\" src=\"https:\/\/ccediaf.org\/wp-content\/uploads\/2023\/02\/IMG-20180821-WA0004-1024x768-1-654x490.png\" class=\"attachment-themetechmount-img-blog-top size-themetechmount-img-blog-top wp-post-image\" alt=\"\" srcset=\"https:\/\/ccediaf.org\/wp-content\/uploads\/2023\/02\/IMG-20180821-WA0004-1024x768-1-654x490.png 654w, https:\/\/ccediaf.org\/wp-content\/uploads\/2023\/02\/IMG-20180821-WA0004-1024x768-1-300x225.png 300w, https:\/\/ccediaf.org\/wp-content\/uploads\/2023\/02\/IMG-20180821-WA0004-1024x768-1-768x576.png 768w, https:\/\/ccediaf.org\/wp-content\/uploads\/2023\/02\/IMG-20180821-WA0004-1024x768-1.png 1024w\" sizes=\"(max-width: 654px) 100vw, 654px\" data-id=\"9365\" \/><\/a><\/div>\t\t\t\t<div class=\"tm-box-post-date\">\n\t\t\t\t\t<span>26<\/span>\n\t\t\t\t\tAo\u00fbt\t\t\t\t<\/div>\t\n\t\t\t\t<div class=\"tm-blog-overlay-iconbox\">\n\t\t\t\t\t<a href=\"https:\/\/ccediaf.org\/?p=9361\" rel=\"bookmark\"><i class=\"tm-anomica-icon-plus-1\"><\/i><\/a>\n\t\t\t\t<\/div>\n\t\t\t<\/div>\t\t\n\t\t\t<div class=\"themetechmount-box-desc\">\n\t\t\t\t<div class=\"entry-header\">\n\t\t\t\t\t<div class=\"themetechmount-box-title\"><h4><a href=\"https:\/\/ccediaf.org\/?p=9361\">Le Pr\u00e9sident du CCEDIF chez l\u2019Ambassadeur de France \u00e0 Abidjan<\/a><\/h4><\/div>\t\t\t\t\t<div class=\"tm-entry-meta-wrapper\"><div class=\"entry-meta tm-entry-meta tm-entry-meta-blogbox\"><span class=\"tm-meta-line byline\"><i class=\"fa fa-user\"><\/i> <span class=\"author vcard\"><span class=\"screen-reader-text tm-hide\">Author <\/span><a class=\"url fn n\" href=\"https:\/\/ccediaf.org\/?author=89\">CCEDIAF Paris<\/a><\/span><\/span><\/div><\/div>\t\t\t\t<\/div>\t\t\n\t\t\t\t<div class=\"themetechmount-box-desc-text\">...<\/div>\n\t\t\t    <div class=\"themetechmount-box-desc-footer\">\n\t\t\t\t\t<div class=\"themetechmount-blogbox-desc-footer\">\n\t\t\t\t\t\t\t\t\t\t\t<\/div>\n\t\t\t\t<\/div>\t\t\n\t\t\t<\/div>\n        <\/div>\n\t<\/div>\n<\/article>\n<\/div><div class=\"tm-box-col-wrapper  reunion-de-travail col-lg-3 col-sm-6 col-md-3 col-xs-12\"><article class=\"themetechmount-box themetechmount-box-blog themetechmount-blogbox-style-two themetechmount-blogbox-format- \">\n\t<div class=\"post-item\">\n\t\t<div class=\"themetechmount-box-content\">\t\t\n\t\t\t<div class=\"tm-featured-outer-wrapper tm-post-featured-outer-wrapper\">\n\t\t\t\t<div class=\"tm-featured-wrapper tm-post-featured-wrapper tm-post-format-\"><a href=\"https:\/\/ccediaf.org\/?p=9308\"><img loading=\"lazy\" decoding=\"async\" width=\"654\" height=\"490\" src=\"https:\/\/ccediaf.org\/wp-content\/uploads\/2023\/02\/30571497_575465279502542_3298771471601500160_n-768x576-1-654x490.png\" class=\"attachment-themetechmount-img-blog-top size-themetechmount-img-blog-top wp-post-image\" alt=\"\" srcset=\"https:\/\/ccediaf.org\/wp-content\/uploads\/2023\/02\/30571497_575465279502542_3298771471601500160_n-768x576-1-654x490.png 654w, https:\/\/ccediaf.org\/wp-content\/uploads\/2023\/02\/30571497_575465279502542_3298771471601500160_n-768x576-1-300x225.png 300w, https:\/\/ccediaf.org\/wp-content\/uploads\/2023\/02\/30571497_575465279502542_3298771471601500160_n-768x576-1.png 768w\" sizes=\"(max-width: 654px) 100vw, 654px\" data-id=\"9315\" \/><\/a><\/div>\t\t\t\t<div class=\"tm-box-post-date\">\n\t\t\t\t\t<span>24<\/span>\n\t\t\t\t\tMar\t\t\t\t<\/div>\t\n\t\t\t\t<div class=\"tm-blog-overlay-iconbox\">\n\t\t\t\t\t<a href=\"https:\/\/ccediaf.org\/?p=9308\" rel=\"bookmark\"><i class=\"tm-anomica-icon-plus-1\"><\/i><\/a>\n\t\t\t\t<\/div>\n\t\t\t<\/div>\t\t\n\t\t\t<div class=\"themetechmount-box-desc\">\n\t\t\t\t<div class=\"entry-header\">\n\t\t\t\t\t<div class=\"themetechmount-box-title\"><h4><a href=\"https:\/\/ccediaf.org\/?p=9308\">R\u00e9union de Travail de rencontre Diaspora<\/a><\/h4><\/div>\t\t\t\t\t<div class=\"tm-entry-meta-wrapper\"><div class=\"entry-meta tm-entry-meta tm-entry-meta-blogbox\"><span class=\"tm-meta-line byline\"><i class=\"fa fa-user\"><\/i> <span class=\"author vcard\"><span class=\"screen-reader-text tm-hide\">Author <\/span><a class=\"url fn n\" href=\"https:\/\/ccediaf.org\/?author=89\">CCEDIAF Paris<\/a><\/span><\/span><\/div><\/div>\t\t\t\t<\/div>\t\t\n\t\t\t\t<div class=\"themetechmount-box-desc-text\">CCEDIF et ADRNS pr\u00e9parent la rencontre de la diaspora \u00e9conomique ivoirienne...<\/div>\n\t\t\t    <div class=\"themetechmount-box-desc-footer\">\n\t\t\t\t\t<div class=\"themetechmount-blogbox-desc-footer\">\n\t\t\t\t\t\t\t\t\t\t\t<\/div>\n\t\t\t\t<\/div>\t\t\n\t\t\t<\/div>\n        <\/div>\n\t<\/div>\n<\/article>\n<\/div><div class=\"tm-box-col-wrapper  sem col-lg-3 col-sm-6 col-md-3 col-xs-12\"><article class=\"themetechmount-box themetechmount-box-blog themetechmount-blogbox-style-two themetechmount-blogbox-format- \">\n\t<div class=\"post-item\">\n\t\t<div class=\"themetechmount-box-content\">\t\t\n\t\t\t<div class=\"tm-featured-outer-wrapper tm-post-featured-outer-wrapper\">\n\t\t\t\t<div class=\"tm-featured-wrapper tm-post-featured-wrapper tm-post-format-\"><a href=\"https:\/\/ccediaf.org\/?p=9593\"><img loading=\"lazy\" decoding=\"async\" width=\"654\" height=\"458\" src=\"https:\/\/ccediaf.org\/wp-content\/uploads\/2023\/02\/14211983_1237938539559974_6576788232185508871_n-654x458.png\" class=\"attachment-themetechmount-img-blog-top size-themetechmount-img-blog-top wp-post-image\" alt=\"\" data-id=\"9290\" \/><\/a><\/div>\t\t\t\t<div class=\"tm-box-post-date\">\n\t\t\t\t\t<span>26<\/span>\n\t\t\t\t\tSep\t\t\t\t<\/div>\t\n\t\t\t\t<div class=\"tm-blog-overlay-iconbox\">\n\t\t\t\t\t<a href=\"https:\/\/ccediaf.org\/?p=9593\" rel=\"bookmark\"><i class=\"tm-anomica-icon-plus-1\"><\/i><\/a>\n\t\t\t\t<\/div>\n\t\t\t<\/div>\t\t\n\t\t\t<div class=\"themetechmount-box-desc\">\n\t\t\t\t<div class=\"entry-header\">\n\t\t\t\t\t<div class=\"themetechmount-box-title\"><h4><a href=\"https:\/\/ccediaf.org\/?p=9593\">Diaspora ivoirienne : un livre blanc pour Ouattara remis \u00e0 Dosso Moussa<\/a><\/h4><\/div>\t\t\t\t\t<div class=\"tm-entry-meta-wrapper\"><div class=\"entry-meta tm-entry-meta tm-entry-meta-blogbox\"><span class=\"tm-meta-line byline\"><i class=\"fa fa-user\"><\/i> <span class=\"author vcard\"><span class=\"screen-reader-text tm-hide\">Author <\/span><a class=\"url fn n\" href=\"https:\/\/ccediaf.org\/?author=89\">CCEDIAF Paris<\/a><\/span><\/span><\/div><\/div>\t\t\t\t<\/div>\t\t\n\t\t\t\t<div class=\"themetechmount-box-desc-text\">\u00c0 l\u2019initiative de la f\u00e9d\u00e9ration des associations de la diaspora ivoirienne (FADIV) et du club d...<\/div>\n\t\t\t    <div class=\"themetechmount-box-desc-footer\">\n\t\t\t\t\t<div class=\"themetechmount-blogbox-desc-footer\">\n\t\t\t\t\t\t\t\t\t\t\t<\/div>\n\t\t\t\t<\/div>\t\t\n\t\t\t<\/div>\n        <\/div>\n\t<\/div>\n<\/article>\n<\/div><div class=\"tm-box-col-wrapper  rencontres-dentrepreneurs col-lg-3 col-sm-6 col-md-3 col-xs-12\"><article class=\"themetechmount-box themetechmount-box-blog themetechmount-blogbox-style-two themetechmount-blogbox-format- \">\n\t<div class=\"post-item\">\n\t\t<div class=\"themetechmount-box-content\">\t\t\n\t\t\t<div class=\"tm-featured-outer-wrapper tm-post-featured-outer-wrapper\">\n\t\t\t\t<div class=\"tm-featured-wrapper tm-post-featured-wrapper tm-post-format-\"><a href=\"https:\/\/ccediaf.org\/?p=9282\"><img loading=\"lazy\" decoding=\"async\" width=\"654\" height=\"490\" src=\"https:\/\/ccediaf.org\/wp-content\/uploads\/2016\/09\/14330159_1250132898340538_805438871474830821_n-654x490.jpg\" class=\"attachment-themetechmount-img-blog-top size-themetechmount-img-blog-top wp-post-image\" alt=\"\" data-id=\"9591\" \/><\/a><\/div>\t\t\t\t<div class=\"tm-box-post-date\">\n\t\t\t\t\t<span>04<\/span>\n\t\t\t\t\tSep\t\t\t\t<\/div>\t\n\t\t\t\t<div class=\"tm-blog-overlay-iconbox\">\n\t\t\t\t\t<a href=\"https:\/\/ccediaf.org\/?p=9282\" rel=\"bookmark\"><i class=\"tm-anomica-icon-plus-1\"><\/i><\/a>\n\t\t\t\t<\/div>\n\t\t\t<\/div>\t\t\n\t\t\t<div class=\"themetechmount-box-desc\">\n\t\t\t\t<div class=\"entry-header\">\n\t\t\t\t\t<div class=\"themetechmount-box-title\"><h4><a href=\"https:\/\/ccediaf.org\/?p=9282\">Le Pr\u00e9sident et son vice Pr\u00e9sident du CCEDI France chez l&#8217;ambassadeur de C\u00f4te d&#8217;ivoire en France.<\/a><\/h4><\/div>\t\t\t\t\t<div class=\"tm-entry-meta-wrapper\"><div class=\"entry-meta tm-entry-meta tm-entry-meta-blogbox\"><span class=\"tm-meta-line byline\"><i class=\"fa fa-user\"><\/i> <span class=\"author vcard\"><span class=\"screen-reader-text tm-hide\">Author <\/span><a class=\"url fn n\" href=\"https:\/\/ccediaf.org\/?author=89\">CCEDIAF Paris<\/a><\/span><\/span><\/div><\/div>\t\t\t\t<\/div>\t\t\n\t\t\t\t<div class=\"themetechmount-box-desc-text\">C\u00e9sar Nahounou, Pr\u00e9sident CCEDI France, SEM GOMIS Charles,\u00a0 Ambassadeur de C\u00f4te d'Ivoire en Fran...<\/div>\n\t\t\t    <div class=\"themetechmount-box-desc-footer\">\n\t\t\t\t\t<div class=\"themetechmount-blogbox-desc-footer\">\n\t\t\t\t\t\t\t\t\t\t\t<\/div>\n\t\t\t\t<\/div>\t\t\n\t\t\t<\/div>\n        <\/div>\n\t<\/div>\n<\/article>\n<\/div>\n\t\t\t<\/div>\n\n\t\t\t<\/div><!-- .themetechmount-boxes-inner -->   <\/div><!-- .themetechmount-boxes -->  \t\t<\/div>\n\t\t\t\t<\/div>\n\t\t\t\t\t<\/div>\n\t\t<\/div>\n\t\t\t\t\t<\/div>\n\t\t<\/section>\n\t\t\t\t<\/div>\n\t\t","protected":false},"excerpt":{"rendered":"<p>Consultez nos derni\u00e8res nouvelles 09 F\u00e9v CCEDIF &#038; Directeur des ivoiriens de l\u2019Exterieur Author moro Dimitri M\u2019FOUMOU-TITI pr\u00e9sident ADRNS avec Mr Issiaka Konate le directeur des ivoiriens de l\u2019\u00e9&#8230; 30 Oct Comment R\u00e9ussir son activit\u00e9 face aux obstacles ? Author moro &#8230; 26 Ao\u00fbt Le Pr\u00e9sident du CCEDIF chez l\u2019Ambassadeur de France \u00e0 Abidjan Author &hellip; <a href=\"https:\/\/ccediaf.org\/?p=9282\" class=\"more-link\">Continue reading <span class=\"screen-reader-text\">Le Pr\u00e9sident et son vice Pr\u00e9sident du CCEDI France chez l&#8217;ambassadeur de C\u00f4te d&#8217;ivoire en France.<\/span><\/a><\/p>\n","protected":false},"author":87,"featured_media":0,"parent":0,"menu_order":0,"comment_status":"closed","ping_status":"closed","template":"","meta":{"_monsterinsights_skip_tracking":false,"_monsterinsights_sitenote_active":false,"_monsterinsights_sitenote_note":"","_monsterinsights_sitenote_category":0,"_view_id":"","footnotes":""},"class_list":["post-8318","page","type-page","status-publish","hentry"],"_links":{"self":[{"href":"https:\/\/ccediaf.org\/index.php?rest_route=\/wp\/v2\/pages\/8318","targetHints":{"allow":["GET"]}}],"collection":[{"href":"https:\/\/ccediaf.org\/index.php?rest_route=\/wp\/v2\/pages"}],"about":[{"href":"https:\/\/ccediaf.org\/index.php?rest_route=\/wp\/v2\/types\/page"}],"author":[{"embeddable":true,"href":"https:\/\/ccediaf.org\/index.php?rest_route=\/wp\/v2\/users\/87"}],"replies":[{"embeddable":true,"href":"https:\/\/ccediaf.org\/index.php?rest_route=%2Fwp%2Fv2%2Fcomments&post=8318"}],"version-history":[{"count":25,"href":"https:\/\/ccediaf.org\/index.php?rest_route=\/wp\/v2\/pages\/8318\/revisions"}],"predecessor-version":[{"id":10072,"href":"https:\/\/ccediaf.org\/index.php?rest_route=\/wp\/v2\/pages\/8318\/revisions\/10072"}],"wp:attachment":[{"href":"https:\/\/ccediaf.org\/index.php?rest_route=%2Fwp%2Fv2%2Fmedia&parent=8318"}],"curies":[{"name":"wp","href":"https:\/\/api.w.org\/{rel}","templated":true}]}}